{"id":291,"date":"2026-05-10T14:13:15","date_gmt":"2026-05-10T12:13:15","guid":{"rendered":"http:\/\/zk.local\/?page_id=291"},"modified":"2026-06-25T16:53:44","modified_gmt":"2026-06-25T14:53:44","slug":"zivilklausel","status":"publish","type":"page","link":"http:\/\/www.zivilklausel.de\/wordpress\/","title":{"rendered":"Zivilklausel"},"content":{"rendered":"<\/p>\n\n\n\n<div class=\"wp-block-group alignfull is-layout-constrained wp-block-group-is-layout-constrained\">\n<div class=\"wp-block-group is-layout-constrained wp-container-core-group-is-layout-c904d458 wp-block-group-is-layout-constrained\" style=\"margin-top:var(--wp--preset--spacing--40);margin-bottom:var(--wp--preset--spacing--40);padding-right:var(--wp--preset--spacing--30);padding-left:var(--wp--preset--spacing--30)\">\n<h2 class=\"wp-block-heading has-custom-css wp-custom-css-3c45ad27\"><em>Das Neuste<\/em> <span color=\"#f0f\"><mark style=\"background-color:rgba(0, 0, 0, 0)\" class=\"has-inline-color has-palette-color-2-color\"><em>aus der Bewegung<\/em><\/mark><\/span><\/h2>\n\n\n<ul style=\"border-style:none;border-width:0px;padding-right:0;padding-left:0;margin-right:0;margin-left:0\" class=\"wp-block-latest-posts__list is-grid columns-4 has-dates wp-block-latest-posts is-layout-flow wp-block-latest-posts-is-layout-flow\"><li><a class=\"wp-block-latest-posts__post-title\" href=\"http:\/\/www.zivilklausel.de\/wordpress\/29-maerz-bundesweite-demonstration-in-wiesbaden\/\">29. M\u00e4rz: Bundesweite Demonstration in Wiesbaden &#8211; Keine neuen US-Mittelstreckenwaffen in Deutschland<\/a><time datetime=\"2025-03-22T05:16:01+01:00\" class=\"wp-block-latest-posts__post-date\">22. M\u00e4rz 2025<\/time><\/li>\n<li><a class=\"wp-block-latest-posts__post-title\" href=\"http:\/\/www.zivilklausel.de\/wordpress\/auf-zum-kongress-zeitenwende-in-bildung-und-hochschulen-der-informationsstelle-militarisierung-imi\/\">Auf zum Kongress \u201e,Zeitenwende&#8216; in Bildung und Hochschulen&#8220; der Informationsstelle Militarisierung (IMI)<\/a><time datetime=\"2024-11-03T02:26:31+01:00\" class=\"wp-block-latest-posts__post-date\">3. November 2024<\/time><\/li>\n<li><a class=\"wp-block-latest-posts__post-title\" href=\"http:\/\/www.zivilklausel.de\/wordpress\/kriegstuechtig-friedensfaehig-zivilklausel-kongress-2024-am-16-und-17-maerz-2024-in-frankfurt-am-main\/\">Kriegst\u00fcchtig? Friedensf\u00e4hig! Zivilklausel-Kongress 2024 &#8211; Am 16. und 17. M\u00e4rz 2024 in Frankfurt am Main<\/a><time datetime=\"2024-03-05T14:01:06+01:00\" class=\"wp-block-latest-posts__post-date\">5. M\u00e4rz 2024<\/time><\/li>\n<li><a class=\"wp-block-latest-posts__post-title\" href=\"http:\/\/www.zivilklausel.de\/wordpress\/hessen\/\">Unterschriftenkampagne &#8222;H\u00e4nde weg von der Zivilklausel!&#8220;<\/a><time datetime=\"2023-12-28T01:13:30+01:00\" class=\"wp-block-latest-posts__post-date\">28. Dezember 2023<\/time><\/li>\n<\/ul><\/div>\n\n\n\n<div class=\"wp-block-group alignfull has-palette-color-7-color has-palette-color-2-background-color has-text-color has-background has-link-color has-medium-font-size wp-elements-1 is-layout-constrained wp-container-core-group-is-layout-539356a5 wp-block-group-is-layout-constrained\" style=\"margin-top:var(--wp--preset--spacing--70);margin-bottom:var(--wp--preset--spacing--70);padding-top:var(--wp--preset--spacing--80);padding-right:0;padding-bottom:var(--wp--preset--spacing--80);padding-left:0\">\n<h2 class=\"wp-block-heading has-text-align-center has-palette-color-7-color has-text-color has-link-color wp-elements-2\">Wer Wir Sind<\/h2>\n\n\n\n<blockquote class=\"wp-block-quote is-style-plain has-custom-css has-medium-font-size is-layout-flow wp-block-quote-is-layout-flow wp-custom-css-329993d5\" style=\"padding-top:0;padding-right:0;padding-bottom:0;padding-left:0\">\n<p class=\"has-text-align-left wp-block-paragraph\">Die Initiative &#8222;Hochschulen f\u00fcr den Frieden \u2013 Ja zur Zivilklausel&#8220; hat sich im Mai 2011 gegr\u00fcndet. In ihr setzen sich Gewerkschaften, Studierenden- und Wissenschafts- sowie Friedensorganisationen f\u00fcr zivile Hochschulen als Ort f\u00fcr Studien, Lehre und Forschung ein, in denen sinnvolle Beitr\u00e4ge zur friedlichen L\u00f6sung der Probleme und Konflikte dieser Welt geleistet werden.<\/p>\n\n\n\n<p class=\"has-text-align-left wp-block-paragraph\">Die verst\u00e4rkte Ausbreitung milit\u00e4rischer Forschung und Lehre an Universit\u00e4ten tr\u00e4gt nicht zum Wohle der Menschen bei. Die Initiative k\u00e4mpft f\u00fcr Hochschulen, die in Wissenschaft, Forschung und Lehre ausschlie\u00dflich dem Frieden verbunden sind. Dazu bedarf es einer breiten Diskussion um die gesellschaftliche Verantwortung der Wissenschaft.<\/p>\n\n\n\n<p class=\"has-text-align-left wp-block-paragraph\">Die Initiative \u201eHochschulen f\u00fcr den Frieden \u2013 Ja zur Zivilklausel\u201c will die Friedensbewegung an den Hochschulen st\u00e4rken.<\/p>\n<\/blockquote>\n<\/div>\n<\/div>\n\n\n<p>\n\n\n<div class=\"main-posts wp-block-blocksy-query\" data-id=\"74514080\"><div class=\"ct-posts-block\" data-prefix=\"blog\"><div class=\"entries\" data-archive=\"default\" data-layout=\"classic\" data-cards=\"boxed\"><article class=\"entry-card card-content post-242 post type-post status-publish format-standard hentry category-uncategorised\" data-reveal=\"bottom:no\"><h2 class=\"entry-title\"><a href=\"http:\/\/www.zivilklausel.de\/wordpress\/bayerisches-verfassungsgericht-stoppt-zwang-zur-bundeswehr-kooperation-an-hochschulen\/\" rel=\"bookmark\">Bayerisches Verfassungsgericht stoppt Zwang zur Bundeswehr-Kooperation an Hochschulen<\/a><\/h2><div class=\"entry-excerpt entry-content is-layout-flow\"><p>Die Popularklage gegen das Bayerische &#8222;Hochschulinnovationsgesetz&#8220; kann einen Teilerfolg feiern: Der Bayerische Verfassungsgerichtshof hat am 3. M\u00e4rz 2026 die Verpflichtung der Hochschulen, mit der Bundeswehr zusammenzuarbeiten, f\u00fcr verfassungswidrig erkl\u00e4rt, weil sie dem Rechtsstaatsprinzip und der Wissenschaftsfreiheit zuwiderlaufe.<\/p>\n<p>Die Popularklage wurde von einem breiten B\u00fcndnis aus der Gewerkschaft Erziehung und Wissenschaft (GEW) Bayern, der Zivilklauselbewegung sowie weiteren Friedens- und zivilgesellschaftlichen Organisationen initiiert. 200 Kl\u00e4ger*innen haben sich an Popularklage beteiligt.<\/p>\n<p>Die Klage richtete sich zudem gegen das Verbot von Zivilklauseln an bayerischen Hochschulen und die Verpflichtung von Schulen, Jugendoffizier*innen auftreten zu lassen. Diese Punkte seien nach Ansicht des Gerichts verfassungskonform. Das B\u00fcndnis der Kl\u00e4ger*innen ber\u00e4t nun weitere Schritte, um die Auseinandersetzung f\u00fcr ein auf Zivilit\u00e4t und Frieden gerichtetes Bildungswesen weiterzuf\u00fchren.<\/p>\n<ul>\n<li><a href=\"https:\/\/www.gew-bayern.de\/presse\/detailseite\/verfassungsgericht-stoppt-zwang-zur-bundeswehr-kooperation-an-hochschulen\" target=\"_blank\" rel=\"noopener\">Pressemitteilung<\/a> der GEW Bayern<\/li>\n<li><a href=\"https:\/\/www.bayern.verfassungsgerichtshof.de\/media\/images\/bayverfgh\/3-vii-25_entscheidung.pdf\" target=\"_blank\" rel=\"noopener\">Urteilsbegr\u00fcndung<\/a> des Bayerischen Verfassungsgerichtshofes<\/li>\n<\/ul>\n<\/div><ul class=\"entry-meta\" data-type=\"simple:slash\" data-id=\"meta_2\" ><li class=\"meta-date\" itemprop=\"datePublished\"><time class=\"ct-meta-element-date\" datetime=\"2026-03-13T12:22:28+01:00\">13. M\u00e4rz 2026<\/time><\/li><\/ul><\/article><article class=\"entry-card card-content post-241 post type-post status-publish format-standard hentry category-uncategorised\" data-reveal=\"bottom:no\"><h2 class=\"entry-title\"><a href=\"http:\/\/www.zivilklausel.de\/wordpress\/studentische-initiative-verhindert-militarisierung-der-hochschule-flensburg\/\" rel=\"bookmark\">Studentische Initiative verhindert Militarisierung der Hochschule Flensburg<\/a><\/h2><div class=\"entry-excerpt entry-content is-layout-flow\"><p>Die Studierendengruppe \u201eCampus ohne Wehrtechnik\u201c hat sich erfolgreich mit Protestaktionen und einem Offenen Brief gegen die geplante Einf\u00fchrung eines &#8222;Wehrtechnik-Moduls&#8220; im Studiengang Maschinenbau gestellt, die ein Novum in der deutschen Hochschullandschaft dargestellt h\u00e4tte. Der Fachbereichskonvent hat sich in Folge der Proteste am 14. Mai 2025 mit einer klaren Mehrheit von 7 Nein-Stimmen bei einer Ja-Stimme und zwei Enthaltungen gegen die Einf\u00fchrung ausgesprochen.<\/p>\n<p class=\"has-medium-font-size\"><a href=\"https:\/\/akopol.wordpress.com\/2025\/05\/12\/studierendengruppe-campus-ohne-wehrtechnik-wehrt-sich-gegen-militarisierung-der-hochschule-flensburg\/\" target=\"_blank\" rel=\"noopener\"><em>Offener Brief gegen die Einf\u00fchrung der Vertiefungsrichtung Wehrtechnik an der Hochschule Flensburg<\/em><\/a> vom 12. Mai 2025<\/p>\n<p class=\"has-medium-font-size\"><span class=\"headline-icon-wrapper\"><span class=\"meta-box__headline text-color__nero-100  w-900 \"><a href=\"https:\/\/www.shz.de\/lokales\/flensburg\/artikel\/hochschule-flensburg-lehnt-wehrtechnik-ausbildung-ab-48728489\" target=\"_blank\" rel=\"noopener\">Geheime Abstimmung: Hochschule Flensburg lehnt Wehrtechnik-Ausbildung ab<\/a>, Artikel in der shz vom 14. Mai 2025<br \/><\/span><\/span><\/p>\n<\/div><ul class=\"entry-meta\" data-type=\"simple:slash\" data-id=\"meta_2\" ><li class=\"meta-date\" itemprop=\"datePublished\"><time class=\"ct-meta-element-date\" datetime=\"2025-05-23T03:03:10+02:00\">23. Mai 2025<\/time><\/li><\/ul><\/article><article class=\"entry-card card-content post-240 post type-post status-publish format-standard hentry category-uncategorised\" data-reveal=\"bottom:no\"><h2 class=\"entry-title\"><a href=\"http:\/\/www.zivilklausel.de\/wordpress\/the-civil-clause-no-military-research-in-civilian-research-institutions\/\" rel=\"bookmark\">The Civil Clause: No military research in civilian research institutions<\/a><\/h2><div class=\"entry-excerpt entry-content is-layout-flow\"><p><strong><a href=\"http:\/\/www.zivilklausel.de\/images\/The_Civil_Clause_No_military_research_in_civilian_research_institutions.pdf\">The Civil Clause: No military research in civilian research institutions. Civil clauses as lessons learned after 1945, or: Why civil clauses are historically antifascist achievements<\/a><\/strong><\/p>\n<p>An analysis by Jonathan Beullens on the significance of the struggles for civil clauses in English. <a href=\"http:\/\/www.zivilklausel.de\/images\/The_Civil_Clause_No_military_research_in_civilian_research_institutions.pdf\" target=\"_blank\" rel=\"noopener\">Download the PDF here<\/a>.<\/p>\n<p>Eine Analyse von Jonathan Beullens zur Bedeutung der K\u00e4mpfe f\u00fcr Zivilklauseln in englischer Sprache. <a href=\"http:\/\/www.zivilklausel.de\/images\/The_Civil_Clause_No_military_research_in_civilian_research_institutions.pdf\" target=\"_blank\" rel=\"noopener\">Hier als PDF zum Downloaden<\/a>.<\/p>\n<\/div><ul class=\"entry-meta\" data-type=\"simple:slash\" data-id=\"meta_2\" ><li class=\"meta-date\" itemprop=\"datePublished\"><time class=\"ct-meta-element-date\" datetime=\"2025-04-03T20:16:22+02:00\">3. April 2025<\/time><\/li><\/ul><\/article><article class=\"entry-card card-content post-239 post type-post status-publish format-standard hentry category-aktuelles\" data-reveal=\"bottom:no\"><h2 class=\"entry-title\"><a href=\"http:\/\/www.zivilklausel.de\/wordpress\/29-maerz-bundesweite-demonstration-in-wiesbaden\/\" rel=\"bookmark\">29. M\u00e4rz: Bundesweite Demonstration in Wiesbaden &#8211; Keine neuen US-Mittelstreckenwaffen in Deutschland<\/a><\/h2><div class=\"entry-excerpt entry-content is-layout-flow\"><p>Keine neuen US-Mittelstreckenwaffen in Deutschland<br \/>Befehlskommando in Wiesbaden aufl\u00f6sen<br \/>Friedensgebot der Hessischen Verfassung einhalten!<\/p>\n<p>Auftaktkundgebung 12 Uhr Hauptbahnhof<br \/>Abschlusskundgebung 14.30 Uhr Kranzplatz<\/p>\n<p><a href=\"https:\/\/nie-wieder-krieg.org\/wiesbaden\/\" target=\"_blank\" rel=\"noopener\">https:\/\/nie-wieder-krieg.org\/wiesbaden\/<\/a><\/p>\n<\/div><ul class=\"entry-meta\" data-type=\"simple:slash\" data-id=\"meta_2\" ><li class=\"meta-date\" itemprop=\"datePublished\"><time class=\"ct-meta-element-date\" datetime=\"2025-03-22T05:16:01+01:00\">22. M\u00e4rz 2025<\/time><\/li><\/ul><\/article><article class=\"entry-card card-content post-238 post type-post status-publish format-standard hentry category-uncategorised\" data-reveal=\"bottom:no\"><h2 class=\"entry-title\"><a href=\"http:\/\/www.zivilklausel.de\/wordpress\/senat-der-kunsthochschule-fuer-medien-koeln-beschliesst-zivilklausel\/\" rel=\"bookmark\">Senat der Kunsthochschule f\u00fcr Medien K\u00f6ln beschlie\u00dft Zivilklausel!<\/a><\/h2><div class=\"entry-excerpt entry-content is-layout-flow\"><p>Wie jetzt \u00f6ffentlich wurde, hat die Kunsthochschule f\u00fcr Medien K\u00f6ln im Dezember 2024 eine Zivilklausel beschlossen. In Paragraph 2 \u201eAufgaben\u201c Absatz 3 der Grundordnung hei\u00dft es nun:<\/p>\n<p style=\"text-align: justify;\"><em> \u201eDie Kunsthochschule f\u00fcr Medien K\u00f6ln ist sich als \u00f6ffentliche Einrichtung der gesellschaftlichen Folgeverantwortung ihrer Forschung und Lehre bewusst und leistet ihren Beitrag zu einer sozial gerechten, friedlichen, vielf\u00e4ltigen und demokratischen Welt. Sie verpflichtet sich ausschlie\u00dflich friedlichen und nicht-milit\u00e4rischen Zielen. Die Kunsthochschule f\u00fcr Medien K\u00f6ln versteht sich als internationale Institution und hei\u00dft Studierende sowie Mitarbeiter*innen in Lehre, Technik und Verwaltung aus allen L\u00e4ndern und kulturellen Kontexten willkommen. Die Hochschule versteht sich als transkulturelle Gemeinschaft, in der sich Menschen mit ihren vielf\u00e4ltigen Herk\u00fcnften, Geschichten und Sprachen respektvoll begegnen und zusammenarbeiten. Gerade als eine Kunsthochschule legt die Kunsthochschule f\u00fcr Medien K\u00f6ln in Studium, Lehre, Forschung und Weiterbildung besonderen Wert auf die friedensstiftenden und -erhaltenden Aspekte von Medien, insbesondere den medialen K\u00fcnsten. Sie f\u00f6rdert die zivile Verwendung ihrer Forschungsergebnisse und k\u00fcnstlerischen Werke in der Praxis. Sie lehnt jede Beteiligung von Kunst, Wissenschaft und Forschung, die dem F\u00fchren von Kriegen dient oder daraufhin abzielt, ab.\u201c<\/em><\/p>\n<\/div><ul class=\"entry-meta\" data-type=\"simple:slash\" data-id=\"meta_2\" ><li class=\"meta-date\" itemprop=\"datePublished\"><time class=\"ct-meta-element-date\" datetime=\"2025-03-14T02:03:11+01:00\">14. M\u00e4rz 2025<\/time><\/li><\/ul><\/article><article class=\"entry-card card-content post-237 post type-post status-publish format-standard hentry category-uncategorised\" data-reveal=\"bottom:no\"><h2 class=\"entry-title\"><a href=\"http:\/\/www.zivilklausel.de\/wordpress\/bdwi\/\" rel=\"bookmark\">&#8222;Wissenschaft als Waffe? &#8211; Zivilklausel und Friedensforschung statt Forschung zu milit\u00e4rischen Zwecken&#8220;<\/a><\/h2><div class=\"entry-excerpt entry-content is-layout-flow\"><p>Im Studienheft des Bundes demokratischer Wissenschaftlerinnen und Wissenschaftler (BdWi) vom Oktober 2024 <a href=\"https:\/\/www.bdwi.de\/bdwi\/nachrichten\/11222980.html\" target=\"_blank\" rel=\"noopener\">&#8222;Umk\u00e4mpfte Wissenschaftsfreiheit &#8211; Verh\u00e4ltnis von Wissenschaft und Politik&#8220;<\/a> hat ein Autor:innen-Kollektiv der Initiative Hochschulen f\u00fcr den Frieden &#8211; Ja zur Zivilklausel den Artikel <a href=\"http:\/\/zk.local\/wp-content\/uploads\/2025\/03\/Studienheft-14-AK-Zivilklausel_Wissenschaft-als-Waffe.pdf\" target=\"_blank\" rel=\"noopener\">&#8222;Wissenschaft als Waffe? &#8211; Zivilklausel und Friedensforschung statt Forschung zu milit\u00e4rischen Zwecken&#8220;<\/a> ver\u00f6ffentlicht, den wir mit freundlicher Unterst\u00fctzung des BdWi <a href=\"http:\/\/zk.local\/wp-content\/uploads\/2025\/03\/Studienheft-14-AK-Zivilklausel_Wissenschaft-als-Waffe.pdf\" target=\"_blank\" rel=\"noopener\">hier zum Download<\/a> anbieten.<\/p>\n<p>Das Studienheft setzt sich auch dar\u00fcber hinaus eingehend mit dem Konflikt um die gesellschaftliche Bedeutung der Wissenschaft f\u00fcr eine allgemeinwohlorientierte gesellschaftliche Entwicklung auseinander und <a href=\"https:\/\/www.bdwi.de\/bdwi\/nachrichten\/11222980.html\" target=\"_blank\" rel=\"noopener\">kann hier bestellt<\/a> werden.<\/p>\n<\/div><ul class=\"entry-meta\" data-type=\"simple:slash\" data-id=\"meta_2\" ><li class=\"meta-date\" itemprop=\"datePublished\"><time class=\"ct-meta-element-date\" datetime=\"2025-03-14T01:43:09+01:00\">14. M\u00e4rz 2025<\/time><\/li><\/ul><\/article><article class=\"entry-card card-content post-235 post type-post status-publish format-standard hentry category-uncategorised\" data-reveal=\"bottom:no\"><h2 class=\"entry-title\"><a href=\"http:\/\/www.zivilklausel.de\/wordpress\/wissenschaft-und-hochschulen-in-wessen-dienst-die-zivilklausel-als-antifaschistische-idee\/\" rel=\"bookmark\">Wissenschaft und Hochschulen in wessen Dienst? Die Zivilklausel als antifaschistische Idee<\/a><\/h2><div class=\"entry-excerpt entry-content is-layout-flow\"><p><em><strong>Podcast &#8222;FokusFrieden&#8220; der Friedenssakademie Rheinland-Pfalz mit Senta Pineau von der Initiative Hochschulen f\u00fcr den Frieden und Hannes Jung von Science 4 Peace:<\/strong><\/em><\/p>\n<p><a href=\"https:\/\/open.spotify.com\/episode\/3j6bg3BRW3fVNeWQk4K6Ro?si=QJnAtrp7S7OYug3jIHq8tA\" target=\"_blank\" rel=\"noopener\">https:\/\/open.spotify.com\/episode\/3j6bg3BRW3fVNeWQk4K6Ro?si=QJnAtrp7S7OYug3jIHq8tA<\/a><\/p>\n<\/div><ul class=\"entry-meta\" data-type=\"simple:slash\" data-id=\"meta_2\" ><li class=\"meta-date\" itemprop=\"datePublished\"><time class=\"ct-meta-element-date\" datetime=\"2025-02-25T18:35:03+01:00\">25. Februar 2025<\/time><\/li><\/ul><\/article><article class=\"entry-card card-content post-234 post type-post status-publish format-standard hentry category-uncategorised\" data-reveal=\"bottom:no\"><h2 class=\"entry-title\"><a href=\"http:\/\/www.zivilklausel.de\/wordpress\/hunderte-klagen-gegen-verbot-von-zivilklauseln-an-hochschulen-und-gegen-bundeswehr-im-klassenzimmer\/\" rel=\"bookmark\">Hunderte klagen gegen Verbot von Zivilklauseln an Hochschulen und gegen Bundeswehr im Klassenzimmer<\/a><\/h2><div class=\"entry-excerpt entry-content is-layout-flow\"><p><strong><em>Pressemitteilung der GEW Bayern vom 5. Februar 2025:<\/em><\/strong><\/p>\n<p>Am Bayerischen Verfassungsgerichtshof wurde heute im Namen von 200 Kl\u00e4ger*innen Popularklage gegen das \u201eGesetz zur F\u00f6rderung der Bundeswehr in Bayern\u201c eingereicht. Die Klagenden sehen die Wissenschaftsfreiheit und das Friedensgebot in Gefahr. Das B\u00fcndnis aus Jurist*innen, Wissenschaftler*innen, Kirchen und Verb\u00e4nden spricht sich gegen eine weitere Militarisierung von Schulen und Universit\u00e4ten aus.<\/p>\n<p><a href=\"https:\/\/www.gew-bayern.de\/presse\/detailseite\/hunderte-klagen-gegen-verbot-von-zivilklauseln-an-hochschulen-und-gegen-bundeswehr-im-klassenzimmer\" target=\"_blank\" rel=\"noopener\">Zur gesamten Pressemitteilung<\/a><\/p>\n<\/div><ul class=\"entry-meta\" data-type=\"simple:slash\" data-id=\"meta_2\" ><li class=\"meta-date\" itemprop=\"datePublished\"><time class=\"ct-meta-element-date\" datetime=\"2025-02-25T18:28:08+01:00\">25. Februar 2025<\/time><\/li><\/ul><\/article><article class=\"entry-card card-content post-233 post type-post status-publish format-standard hentry category-aktuelles\" data-reveal=\"bottom:no\"><h2 class=\"entry-title\"><a href=\"http:\/\/www.zivilklausel.de\/wordpress\/auf-zum-kongress-zeitenwende-in-bildung-und-hochschulen-der-informationsstelle-militarisierung-imi\/\" rel=\"bookmark\">Auf zum Kongress \u201e,Zeitenwende&#8216; in Bildung und Hochschulen&#8220; der Informationsstelle Militarisierung (IMI)<\/a><\/h2><div class=\"entry-excerpt entry-content is-layout-flow\"><p>Infos zum Kongress:<br \/><a href=\"https:\/\/www.imi-online.de\/2024\/09\/06\/imi-kongress-2024-zeitenwende-in-bildung-und-hochschulen\/\" target=\"_blank\" rel=\"noopener\">https:\/\/www.imi-online.de\/2024\/09\/06\/imi-kongress-2024-zeitenwende-in-bildung-und-hochschulen\/<\/a><\/p>\n<\/div><ul class=\"entry-meta\" data-type=\"simple:slash\" data-id=\"meta_2\" ><li class=\"meta-date\" itemprop=\"datePublished\"><time class=\"ct-meta-element-date\" datetime=\"2024-11-03T02:26:31+01:00\">3. November 2024<\/time><\/li><\/ul><\/article><article class=\"entry-card card-content post-232 post type-post status-publish format-standard hentry category-uncategorised\" data-reveal=\"bottom:no\"><h2 class=\"entry-title\"><a href=\"http:\/\/www.zivilklausel.de\/wordpress\/bayern-ist-ueberall-unterstuetzt-die-popularklage-der-gew-bayern\/\" rel=\"bookmark\">Bayern ist \u00fcberall &#8211; Unterst\u00fctzt die Popularklage der GEW Bayern!<\/a><\/h2><div class=\"entry-excerpt entry-content is-layout-flow\"><p>In Bayern wurde im Juli mit der Verabschiedung des &#8222;Gesetzes zur F\u00f6rderung der Bundeswehr&#8220; die weitere Militarisierung der Bildungseinrichtungen vorangetrieben. Zivilklauseln wurden verboten und Hochschulen sind u. U. zur Zusammenarbeit mit der Bundeswehr verpflichtet. Das Bundesland bleibt damit seiner reaktion\u00e4ren Tradition als Experimentierfeld f\u00fcr antidemokratische Vorst\u00f6\u00dfe treu. Dagegen setzt sich die Gewerkschaft Erziehung und Wissenschaft (GEW) zur Wehr und f\u00fchrt eine Popularklage gegen das Gesetz an. Bis zum 30. November k\u00f6nnen sich Einzelpersonen und Verb\u00e4nde als Mitklagende melden.<\/p>\n<p>Weitere Informationen finden sich hier: <a href=\"https:\/\/www.gew-bayern.de\/themen\/nein-zum-bundeswehrgesetz\" target=\"_blank\" rel=\"noopener\">https:\/\/www.gew-bayern.de\/themen\/nein-zum-bundeswehrgesetz<\/a><\/p>\n<\/div><ul class=\"entry-meta\" data-type=\"simple:slash\" data-id=\"meta_2\" ><li class=\"meta-date\" itemprop=\"datePublished\"><time class=\"ct-meta-element-date\" datetime=\"2024-11-03T02:24:26+01:00\">3. November 2024<\/time><\/li><\/ul><\/article><\/div>\n\t\t<nav class=\"ct-pagination\" aria-label=\"Posts pagination\" data-pagination=\"simple\"  >\n\t\t\t<div class=\"ct-hidden-sm\"><span aria-current=\"page\" class=\"page-numbers current\">1<\/span>\n<a class=\"page-numbers\" href=\"http:\/\/www.zivilklausel.de\/wordpress\/wp-json\/wp\/v2\/pages\/291\/?query-74514080=2\">2<\/a>\n<a class=\"page-numbers\" href=\"http:\/\/www.zivilklausel.de\/wordpress\/wp-json\/wp\/v2\/pages\/291\/?query-74514080=3\">3<\/a>\n<a class=\"page-numbers\" href=\"http:\/\/www.zivilklausel.de\/wordpress\/wp-json\/wp\/v2\/pages\/291\/?query-74514080=4\">4<\/a>\n<span class=\"page-numbers dots\">&hellip;<\/span>\n<a class=\"page-numbers\" href=\"http:\/\/www.zivilklausel.de\/wordpress\/wp-json\/wp\/v2\/pages\/291\/?query-74514080=15\">15<\/a><\/div><a class=\"next page-numbers\" rel=\"next\" href=\"http:\/\/www.zivilklausel.de\/wordpress\/wp-json\/wp\/v2\/pages\/291\/?query-74514080=2\">N\u00e4chste <svg width=\"9px\" height=\"9px\" viewBox=\"0 0 15 15\" fill=\"currentColor\"><path d=\"M4.1,15c0.2,0,0.4-0.1,0.6-0.2L11.4,8c0.3-0.3,0.3-0.8,0-1.1L4.8,0.2C4.5-0.1,4-0.1,3.7,0.2C3.4,0.5,3.4,1,3.7,1.3l6.1,6.1l-6.2,6.2c-0.3,0.3-0.3,0.8,0,1.1C3.7,14.9,3.9,15,4.1,15z\"\/><\/svg><\/a>\n\t\t\t\n\t\t<\/nav><\/div><\/div>","protected":false},"excerpt":{"rendered":"","protected":false},"author":1,"featured_media":0,"parent":0,"menu_order":0,"comment_status":"closed","ping_status":"closed","template":"","meta":{"footnotes":""},"class_list":["post-291","page","type-page","status-publish","hentry"],"blocksy_meta":{"disable_featured_image":"yes","styles_descriptor":{"styles":{"desktop":"","tablet":"","mobile":""},"google_fonts":[],"version":6},"disable_header":"no","page_structure_type":"type-4"},"_links":{"self":[{"href":"http:\/\/www.zivilklausel.de\/wordpress\/wp-json\/wp\/v2\/pages\/291","targetHints":{"allow":["GET"]}}],"collection":[{"href":"http:\/\/www.zivilklausel.de\/wordpress\/wp-json\/wp\/v2\/pages"}],"about":[{"href":"http:\/\/www.zivilklausel.de\/wordpress\/wp-json\/wp\/v2\/types\/page"}],"author":[{"embeddable":true,"href":"http:\/\/www.zivilklausel.de\/wordpress\/wp-json\/wp\/v2\/users\/1"}],"replies":[{"embeddable":true,"href":"http:\/\/www.zivilklausel.de\/wordpress\/wp-json\/wp\/v2\/comments?post=291"}],"version-history":[{"count":66,"href":"http:\/\/www.zivilklausel.de\/wordpress\/wp-json\/wp\/v2\/pages\/291\/revisions"}],"predecessor-version":[{"id":734,"href":"http:\/\/www.zivilklausel.de\/wordpress\/wp-json\/wp\/v2\/pages\/291\/revisions\/734"}],"wp:attachment":[{"href":"http:\/\/www.zivilklausel.de\/wordpress\/wp-json\/wp\/v2\/media?parent=291"}],"curies":[{"name":"wp","href":"https:\/\/api.w.org\/{rel}","templated":true}]}}